{"id":1338,"date":"2026-04-22T10:16:00","date_gmt":"2026-04-22T10:16:00","guid":{"rendered":"https:\/\/residenciasenior.egasmoniz.edu.pt\/?page_id=1338"},"modified":"2026-04-22T10:21:58","modified_gmt":"2026-04-22T10:21:58","slug":"home-primavera-2","status":"publish","type":"page","link":"https:\/\/residenciasenior.egasmoniz.edu.pt\/","title":{"rendered":"Home Primavera"},"content":{"rendered":"<p>[et_pb_section fb_built=&#8221;1&#8243; fullwidth=&#8221;on&#8221; _builder_version=&#8221;4.16&#8243; animation_style=&#8221;slide&#8221; animation_direction=&#8221;top&#8221; animation_intensity_slide=&#8221;2%&#8221; animation_starting_opacity=&#8221;100%&#8221; global_colors_info=&#8221;{}&#8221;][et_pb_fullwidth_header title=&#8221;Resid\u00eancia S\u00e9nior <\/br>Egas Moniz&#8221; button_one_text=&#8221;Saber mais&#8221; button_one_url=&#8221;https:\/\/residenciasenior.egasmoniz.edu.pt\/index.php\/sobre-nos\/&#8221; button_two_text=&#8221;Inscri\u00e7\u00e3o \/ Informa\u00e7\u00e3o&#8221; button_two_url=&#8221;https:\/\/residenciasenior.egasmoniz.edu.pt\/index.php\/informacoes\/&#8221; content_max_width=&#8221;700px&#8221; logo_image_url_last_edited=&#8221;off|desktop&#8221; admin_label=&#8221;Fullwidth Header&#8221; _builder_version=&#8221;4.27.4&#8243; title_level=&#8221;h3&#8243; title_font=&#8221;ABeeZee|700|||||||&#8221; title_text_color=&#8221;#7CDA24&#8243; title_font_size=&#8221;60px&#8221; content_font=&#8221;Abel||||||||&#8221; content_text_color=&#8221;#EDF000&#8243; content_font_size=&#8221;20px&#8221; content_line_height=&#8221;1.8em&#8221; subhead_text_color=&#8221;#0C71C3&#8243; background_enable_color=&#8221;off&#8221; use_background_color_gradient=&#8221;on&#8221; background_color_gradient_direction=&#8221;90deg&#8221; background_color_gradient_stops=&#8221;rgba(0,0,0,0.75) 0%|rgba(0,0,0,0) 100%&#8221; background_color_gradient_overlays_image=&#8221;on&#8221; background_color_gradient_start=&#8221;rgba(0,0,0,0.75)&#8221; background_color_gradient_end=&#8221;rgba(0,0,0,0)&#8221; background_enable_image=&#8221;off&#8221; background_video_mp4=&#8221;https:\/\/residenciasenior.egasmoniz.edu.pt\/wp-content\/uploads\/2026\/04\/home-primavera.mp4&#8243; custom_button_one=&#8221;on&#8221; button_one_text_size=&#8221;14px&#8221; button_one_text_color=&#8221;#EDF000&#8243; button_one_bg_color=&#8221;RGBA(255,255,255,0)&#8221; button_one_border_width=&#8221;3px&#8221; button_one_border_color=&#8221;#7CDA24&#8243; button_one_border_radius=&#8221;100px&#8221; button_one_letter_spacing=&#8221;0px&#8221; button_one_font=&#8221;ABeeZee|700||on|||||&#8221; button_one_use_icon=&#8221;off&#8221; custom_button_two=&#8221;on&#8221; button_two_text_size=&#8221;14px&#8221; button_two_text_color=&#8221;#EDF000&#8243; button_two_bg_color=&#8221;RGBA(255,255,255,0)&#8221; button_two_border_width=&#8221;3px&#8221; button_two_border_color=&#8221;#7CDA24&#8243; button_two_border_radius=&#8221;100px&#8221; button_two_letter_spacing=&#8221;0px&#8221; button_two_font=&#8221;ABeeZee|700||on|||||&#8221; button_two_use_icon=&#8221;off&#8221; min_height=&#8221;742px&#8221; custom_padding=&#8221;13.5%||13.5%||true|false&#8221; background_last_edited=&#8221;on|desktop&#8221; title_text_shadow_style=&#8221;preset4&#8243; title_text_shadow_color=&#8221;#EDF000&#8243; content_text_shadow_style=&#8221;preset3&#8243; content_text_shadow_color=&#8221;#7CDA24&#8243; button_one_text_shadow_style=&#8221;preset3&#8243; button_one_text_shadow_color=&#8221;#FFFFFF&#8221; button_two_text_shadow_style=&#8221;preset3&#8243; button_two_text_shadow_color=&#8221;#FFFFFF&#8221; box_shadow_style_button_one=&#8221;preset6&#8243; box_shadow_blur_button_one=&#8221;6px&#8221; box_shadow_spread_button_one=&#8221;-1px&#8221; box_shadow_color_button_one=&#8221;#E02B20&#8243; box_shadow_position_button_one=&#8221;outer&#8221; box_shadow_style_button_two=&#8221;preset6&#8243; box_shadow_blur_button_two=&#8221;6px&#8221; box_shadow_spread_button_two=&#8221;-1px&#8221; box_shadow_color_button_two=&#8221;#E02B20&#8243; box_shadow_position_button_two=&#8221;outer&#8221; text_shadow_style=&#8221;preset3&#8243; text_shadow_color=&#8221;#E09900&#8243; button_one_letter_spacing_hover=&#8221;1px&#8221; button_two_letter_spacing_hover=&#8221;1px&#8221; global_colors_info=&#8221;{}&#8221; button_one_text_size__hover_enabled=&#8221;off&#8221; button_two_text_size__hover_enabled=&#8221;off&#8221; button_one_text_color__hover_enabled=&#8221;off&#8221; button_two_text_color__hover_enabled=&#8221;off&#8221; button_one_border_width__hover_enabled=&#8221;off&#8221; button_two_border_width__hover_enabled=&#8221;off&#8221; button_one_border_color__hover_enabled=&#8221;off&#8221; button_two_border_color__hover_enabled=&#8221;off&#8221; button_one_border_radius__hover_enabled=&#8221;off&#8221; button_two_border_radius__hover_enabled=&#8221;off&#8221; button_one_letter_spacing__hover_enabled=&#8221;on&#8221; button_one_letter_spacing__hover=&#8221;1px&#8221; button_two_letter_spacing__hover_enabled=&#8221;on&#8221; button_two_letter_spacing__hover=&#8221;1px&#8221; button_one_bg_color__hover_enabled=&#8221;off&#8221; button_two_bg_color__hover_enabled=&#8221;off&#8221; button_one_text_shadow_horizontal_length__hover_enabled=&#8221;off|desktop&#8221;]<\/p>\n<p>A Resid\u00eancia S\u00e9nior Egas Moniz \u00e9 uma das respostas mais adequadas em Portugal para um novo modelo de interven\u00e7\u00e3o na \u00e1rea do envelhecimento e da institucionaliza\u00e7\u00e3o.<\/p>\n<p>[\/et_pb_fullwidth_header][\/et_pb_section][et_pb_section fb_built=&#8221;1&#8243; _builder_version=&#8221;4.27.4&#8243; _module_preset=&#8221;default&#8221; global_colors_info=&#8221;{}&#8221;][et_pb_row _builder_version=&#8221;4.27.4&#8243; _module_preset=&#8221;default&#8221; global_colors_info=&#8221;{}&#8221;][et_pb_column type=&#8221;4_4&#8243; _builder_version=&#8221;4.27.4&#8243; _module_preset=&#8221;default&#8221; global_colors_info=&#8221;{}&#8221;][et_pb_divider color=&#8221;#0C71C3&#8243; divider_style=&#8221;groove&#8221; divider_weight=&#8221;7px&#8221; _builder_version=&#8221;4.27.4&#8243; _module_preset=&#8221;default&#8221; animation_style=&#8221;bounce&#8221; global_colors_info=&#8221;{}&#8221;][\/et_pb_divider][\/et_pb_column][\/et_pb_row][\/et_pb_section][et_pb_section fb_built=&#8221;1&#8243; _builder_version=&#8221;4.27.4&#8243; _module_preset=&#8221;default&#8221; custom_margin=&#8221;-149px||-119px||false|false&#8221; global_colors_info=&#8221;{}&#8221;][et_pb_row _builder_version=&#8221;4.27.4&#8243; _module_preset=&#8221;default&#8221; global_colors_info=&#8221;{}&#8221;][et_pb_column type=&#8221;4_4&#8243; _builder_version=&#8221;4.27.4&#8243; _module_preset=&#8221;default&#8221; global_colors_info=&#8221;{}&#8221;][et_pb_text _builder_version=&#8221;4.27.4&#8243; _module_preset=&#8221;default&#8221; text_font=&#8221;Acme||on|on|||||&#8221; text_text_color=&#8221;#0C71C3&#8243; text_font_size=&#8221;46px&#8221; text_letter_spacing=&#8221;5px&#8221; text_orientation=&#8221;center&#8221; text_text_shadow_style=&#8221;preset2&#8243; text_text_shadow_color=&#8221;#000000&#8243; global_colors_info=&#8221;{}&#8221;]<\/p>\n<p>Destaques<\/p>\n<p>[\/et_pb_text][\/et_pb_column][\/et_pb_row][\/et_pb_section][et_pb_section fb_built=&#8221;1&#8243; _builder_version=&#8221;4.27.4&#8243; _module_preset=&#8221;default&#8221; global_colors_info=&#8221;{}&#8221;][et_pb_row _builder_version=&#8221;4.27.4&#8243; _module_preset=&#8221;default&#8221; global_colors_info=&#8221;{}&#8221;][et_pb_column type=&#8221;4_4&#8243; _builder_version=&#8221;4.27.4&#8243; _module_preset=&#8221;default&#8221; global_colors_info=&#8221;{}&#8221;][et_pb_video src=&#8221;https:\/\/residenciasenior.egasmoniz.edu.pt\/wp-content\/uploads\/2026\/03\/WhatsApp-Video-2026-03-11-at-16.30.28.mp4&#8243; _builder_version=&#8221;4.27.4&#8243; _module_preset=&#8221;default&#8221; width=&#8221;38%&#8221; module_alignment=&#8221;center&#8221; global_colors_info=&#8221;{}&#8221;][\/et_pb_video][\/et_pb_column][\/et_pb_row][et_pb_row _builder_version=&#8221;4.27.4&#8243; _module_preset=&#8221;default&#8221; locked=&#8221;off&#8221; global_colors_info=&#8221;{}&#8221;][et_pb_column type=&#8221;4_4&#8243; _builder_version=&#8221;4.27.4&#8243; _module_preset=&#8221;default&#8221; global_colors_info=&#8221;{}&#8221;][et_pb_divider color=&#8221;#0C71C3&#8243; divider_style=&#8221;groove&#8221; _builder_version=&#8221;4.27.4&#8243; _module_preset=&#8221;default&#8221; global_colors_info=&#8221;{}&#8221;][\/et_pb_divider][\/et_pb_column][\/et_pb_row][\/et_pb_section][et_pb_section fb_built=&#8221;1&#8243; _builder_version=&#8221;4.21.0&#8243; _module_preset=&#8221;default&#8221; min_height=&#8221;830.1px&#8221; custom_margin=&#8221;-3px|||||&#8221; global_colors_info=&#8221;{}&#8221;][et_pb_row column_structure=&#8221;1_3,1_3,1_3&#8243; use_custom_gutter=&#8221;on&#8221; gutter_width=&#8221;2&#8243; admin_label=&#8221;destaq&#8221; _builder_version=&#8221;4.16&#8243; collapsed=&#8221;off&#8221; global_colors_info=&#8221;{}&#8221;][et_pb_column type=&#8221;1_3&#8243; _builder_version=&#8221;4.16&#8243; custom_padding=&#8221;|||&#8221; global_colors_info=&#8221;{}&#8221; custom_padding__hover=&#8221;|||&#8221;][et_pb_blurb title=&#8221;Controlo IMC &#8221; admin_label=&#8221;IMC&#8221; _builder_version=&#8221;4.21.0&#8243; header_font=&#8221;Montserrat|600|||||||&#8221; header_text_align=&#8221;center&#8221; header_font_size=&#8221;20px&#8221; header_line_height=&#8221;1.7em&#8221; body_font=&#8221;Ubuntu||||||||&#8221; body_text_align=&#8221;center&#8221; body_text_color=&#8221;rgba(255,255,255,0.7)&#8221; body_font_size=&#8221;16px&#8221; background_color=&#8221;#3644AF&#8221; background_image=&#8221;https:\/\/residenciasenior.egasmoniz.edu.pt\/wp-content\/uploads\/2024\/09\/web-design-bg-texture_02.jpg&#8221; background_blend=&#8221;overlay&#8221; background_layout=&#8221;dark&#8221; height=&#8221;398px&#8221; custom_margin=&#8221;30px||30px|&#8221; custom_padding=&#8221;80px|30px|80px|30px&#8221; animation_style=&#8221;slide&#8221; animation_direction=&#8221;bottom&#8221; animation_delay=&#8221;100ms&#8221; animation_intensity_slide=&#8221;10%&#8221; border_radii=&#8221;on|5px|5px|5px|5px&#8221; global_colors_info=&#8221;{}&#8221;]<\/p>\n<p>Ser mais saud\u00e1vel<\/p>\n<p>[\/et_pb_blurb][\/et_pb_column][et_pb_column type=&#8221;1_3&#8243; _builder_version=&#8221;4.16&#8243; custom_padding=&#8221;|||&#8221; global_colors_info=&#8221;{}&#8221; custom_padding__hover=&#8221;|||&#8221;][et_pb_blurb title=&#8221;Conten\u00e7\u00e3o f\u00edsica\/qu\u00edmica&#8221; admin_label=&#8221;CONTENCAO&#8221; _builder_version=&#8221;4.21.0&#8243; header_font=&#8221;Montserrat|600|||||||&#8221; header_text_align=&#8221;center&#8221; header_font_size=&#8221;20px&#8221; header_line_height=&#8221;1.7em&#8221; body_font=&#8221;Ubuntu||||||||&#8221; body_text_align=&#8221;center&#8221; body_text_color=&#8221;rgba(255,255,255,0.7)&#8221; body_font_size=&#8221;16px&#8221; background_color=&#8221;#1fb6ea&#8221; background_image=&#8221;https:\/\/residenciasenior.egasmoniz.edu.pt\/wp-content\/uploads\/2024\/09\/web-design-bg-texture_01.jpg&#8221; background_blend=&#8221;overlay&#8221; background_layout=&#8221;dark&#8221; height=&#8221;398px&#8221; custom_margin=&#8221;30px||30px|&#8221; custom_padding=&#8221;80px|30px|80px|30px&#8221; animation_style=&#8221;slide&#8221; animation_direction=&#8221;bottom&#8221; animation_intensity_slide=&#8221;10%&#8221; border_radii=&#8221;on|5px|5px|5px|5px&#8221; global_colors_info=&#8221;{}&#8221;]<\/p>\n<p>Somos Livres<\/p>\n<p>[\/et_pb_blurb][\/et_pb_column][et_pb_column type=&#8221;1_3&#8243; _builder_version=&#8221;4.16&#8243; custom_padding=&#8221;|||&#8221; global_colors_info=&#8221;{}&#8221; custom_padding__hover=&#8221;|||&#8221;][et_pb_blurb title=&#8221;Novos Servi\u00e7os&#8221; url=&#8221;https:\/\/residenciasenior.egasmoniz.edu.pt\/index.php\/servicos\/#NovosservicosSection&#8221; admin_label=&#8221;Servicos&#8221; _builder_version=&#8221;4.21.0&#8243; header_font=&#8221;Montserrat|600|||||||&#8221; header_text_align=&#8221;center&#8221; header_font_size=&#8221;20px&#8221; header_line_height=&#8221;1.7em&#8221; body_font=&#8221;Ubuntu||||||||&#8221; body_text_align=&#8221;center&#8221; body_text_color=&#8221;rgba(255,255,255,0.7)&#8221; body_font_size=&#8221;16px&#8221; background_color=&#8221;#31c56f&#8221; background_image=&#8221;https:\/\/residenciasenior.egasmoniz.edu.pt\/wp-content\/uploads\/2024\/09\/web-design-bg-texture_02.jpg&#8221; background_blend=&#8221;overlay&#8221; background_layout=&#8221;dark&#8221; height=&#8221;398px&#8221; custom_margin=&#8221;30px||30px|&#8221; custom_padding=&#8221;80px|30px|80px|30px&#8221; animation_style=&#8221;slide&#8221; animation_direction=&#8221;bottom&#8221; animation_delay=&#8221;200ms&#8221; animation_intensity_slide=&#8221;10%&#8221; link_option_url=&#8221;https:\/\/residenciasenior.egasmoniz.edu.pt\/index.php\/servicos\/#NovosservicosSection&#8221; border_radii=&#8221;on|5px|5px|5px|5px&#8221; global_colors_info=&#8221;{}&#8221;]<\/p>\n<p>Veja Aqui<\/p>\n<p>[\/et_pb_blurb][\/et_pb_column][\/et_pb_row][et_pb_row column_structure=&#8221;1_3,1_3,1_3&#8243; use_custom_gutter=&#8221;on&#8221; _builder_version=&#8221;4.16&#8243; custom_padding=&#8221;60px|0px|27px|0px&#8221; global_colors_info=&#8221;{}&#8221;][et_pb_column type=&#8221;1_3&#8243; _builder_version=&#8221;4.16&#8243; background_color_gradient_direction=&#8221;243deg&#8221; background_color_gradient_start=&#8221;#3D72E7&#8243; background_color_gradient_end=&#8221;#53a0fe&#8221; custom_padding=&#8221;|||&#8221; global_colors_info=&#8221;{}&#8221; custom_padding__hover=&#8221;|||&#8221;][et_pb_toggle title=&#8221;NEWSLETER&#8221; closed_toggle_background_color=&#8221;#ffffff&#8221; icon_color=&#8221;rgba(83,91,124,0.4)&#8221; open_icon_color=&#8221;rgba(83,91,124,0.4)&#8221; admin_label=&#8221;NEWSLETER&#8221; _builder_version=&#8221;4.21.0&#8243; title_text_color=&#8221;#535b7c&#8221; title_font=&#8221;Nunito Sans|600|||||||&#8221; title_line_height=&#8221;1.3em&#8221; body_font=&#8221;Nunito Sans||||||||&#8221; body_text_color=&#8221;#959baf&#8221; body_font_size=&#8221;15px&#8221; custom_margin=&#8221;|||&#8221; custom_padding=&#8221;24px|24px|24px|24px&#8221; link_option_url=&#8221;#Newsletter-Section&#8221; border_radii=&#8221;on|4px|4px|4px|4px&#8221; border_width_all=&#8221;0px&#8221; border_color_all=&#8221;#d9d9d9&#8243; border_style_all=&#8221;solid&#8221; box_shadow_style=&#8221;preset3&#8243; box_shadow_color=&#8221;rgba(34,56,101,0.12)&#8221; use_border_color=&#8221;on&#8221; border_width=&#8221;0px&#8221; global_colors_info=&#8221;{}&#8221;]<\/p>\n<p>Quer subscrever a nossa newsletter? Clique aqui.<\/p>\n<p>[\/et_pb_toggle][et_pb_toggle title=&#8221;EQUIPA FISIOTERAPIA&#8221; closed_toggle_background_color=&#8221;#ffffff&#8221; icon_color=&#8221;rgba(83,91,124,0.4)&#8221; open_icon_color=&#8221;rgba(83,91,124,0.4)&#8221; admin_label=&#8221;EQUIPA FISIOTERAPIA&#8221; _builder_version=&#8221;4.21.0&#8243; title_text_color=&#8221;#535b7c&#8221; title_font=&#8221;Nunito Sans|600|||||||&#8221; title_line_height=&#8221;1.3em&#8221; body_font=&#8221;Nunito Sans||||||||&#8221; body_text_color=&#8221;#959baf&#8221; body_font_size=&#8221;15px&#8221; custom_margin=&#8221;|||&#8221; custom_padding=&#8221;24px|24px|24px|24px&#8221; border_radii=&#8221;on|4px|4px|4px|4px&#8221; border_width_all=&#8221;0px&#8221; border_color_all=&#8221;#d9d9d9&#8243; border_style_all=&#8221;solid&#8221; box_shadow_style=&#8221;preset3&#8243; box_shadow_color=&#8221;rgba(34,56,101,0.12)&#8221; use_border_color=&#8221;on&#8221; border_width=&#8221;0px&#8221; global_colors_info=&#8221;{}&#8221;]A Fisioterapia no Envelhecimento \u00e9 uma especializa\u00e7\u00e3o da Fisioterapia que se dedica exclusivamente \u00e0 faixa et\u00e1ria da pessoa idosa. Atrav\u00e9s de estrat\u00e9gias de promo\u00e7\u00e3o de sa\u00fade, de preven\u00e7\u00e3o da doen\u00e7a e de sess\u00f5es de reabilita\u00e7\u00e3o, procura que o idoso tenha um papel ativo no seu envelhecimento, tendo como foco n\u00e3o a doen\u00e7a mas a qualidade da sua sa\u00fade na sua vida.[\/et_pb_toggle][\/et_pb_column][et_pb_column type=&#8221;1_3&#8243; _builder_version=&#8221;4.16&#8243; background_color_gradient_direction=&#8221;243deg&#8221; background_color_gradient_start=&#8221;#3D72E7&#8243; background_color_gradient_end=&#8221;#53a0fe&#8221; custom_padding=&#8221;|||&#8221; global_colors_info=&#8221;{}&#8221; custom_padding__hover=&#8221;|||&#8221;][et_pb_toggle title=&#8221;FUNCIONALIDADE&#8221; closed_toggle_background_color=&#8221;#ffffff&#8221; icon_color=&#8221;rgba(83,91,124,0.4)&#8221; open_icon_color=&#8221;rgba(83,91,124,0.4)&#8221; admin_label=&#8221;FUNCIONALIDADE&#8221; _builder_version=&#8221;4.21.0&#8243; title_text_color=&#8221;#535b7c&#8221; title_font=&#8221;Nunito Sans|600|||||||&#8221; title_line_height=&#8221;1.3em&#8221; body_font=&#8221;Nunito Sans||||||||&#8221; body_text_color=&#8221;#959baf&#8221; body_font_size=&#8221;15px&#8221; custom_margin=&#8221;|||&#8221; custom_padding=&#8221;24px|24px|24px|24px&#8221; border_radii=&#8221;on|4px|4px|4px|4px&#8221; border_width_all=&#8221;0px&#8221; border_color_all=&#8221;#d9d9d9&#8243; border_style_all=&#8221;solid&#8221; box_shadow_style=&#8221;preset3&#8243; box_shadow_color=&#8221;rgba(34,56,101,0.12)&#8221; use_border_color=&#8221;on&#8221; border_width=&#8221;0px&#8221; global_colors_info=&#8221;{}&#8221;]Aumentar n\u00edveis de mobilidade, cogni\u00e7\u00e3o, humor e comunica\u00e7\u00e3o melhora a capacidade funcional do idoso, ganhando este maior autonomia e independ\u00eancia.[\/et_pb_toggle][et_pb_toggle title=&#8221;ANIMA\u00c7\u00c3O SOCIOCULTURAL&#8221; closed_toggle_background_color=&#8221;#ffffff&#8221; icon_color=&#8221;rgba(83,91,124,0.4)&#8221; open_icon_color=&#8221;rgba(83,91,124,0.4)&#8221; admin_label=&#8221;ANIMA\u00c7\u00c3O SOCIOCULTURAL&#8221; _builder_version=&#8221;4.21.0&#8243; title_text_color=&#8221;#535b7c&#8221; title_font=&#8221;Nunito Sans|600|||||||&#8221; title_line_height=&#8221;1.3em&#8221; body_font=&#8221;Nunito Sans||||||||&#8221; body_text_color=&#8221;#959baf&#8221; body_font_size=&#8221;15px&#8221; custom_margin=&#8221;|||&#8221; custom_padding=&#8221;24px|24px|24px|24px&#8221; border_radii=&#8221;on|4px|4px|4px|4px&#8221; border_width_all=&#8221;0px&#8221; border_color_all=&#8221;#d9d9d9&#8243; border_style_all=&#8221;solid&#8221; box_shadow_style=&#8221;preset3&#8243; box_shadow_color=&#8221;rgba(34,56,101,0.12)&#8221; use_border_color=&#8221;on&#8221; border_width=&#8221;0px&#8221; global_colors_info=&#8221;{}&#8221;]\u00c9 considerada um fator determinante para a qualidade de vida das pessoas preservando a sua autonomia e podendo contribuir para um envelhecimento mais ativo e participativo.[\/et_pb_toggle][\/et_pb_column][et_pb_column type=&#8221;1_3&#8243; _builder_version=&#8221;4.16&#8243; background_color_gradient_direction=&#8221;243deg&#8221; background_color_gradient_start=&#8221;#3D72E7&#8243; background_color_gradient_end=&#8221;#53A0FE&#8221; custom_padding=&#8221;|||&#8221; global_colors_info=&#8221;{}&#8221; custom_padding__hover=&#8221;|||&#8221;][et_pb_toggle title=&#8221;EQUIPA ENFERMAGEM&#8221; closed_toggle_background_color=&#8221;#ffffff&#8221; icon_color=&#8221;rgba(83,91,124,0.4)&#8221; open_icon_color=&#8221;rgba(83,91,124,0.4)&#8221; admin_label=&#8221;EQUIPA ENFERMAGEM&#8221; _builder_version=&#8221;4.21.0&#8243; title_text_color=&#8221;#535b7c&#8221; title_font=&#8221;Nunito Sans|600|||||||&#8221; title_line_height=&#8221;1.3em&#8221; body_font=&#8221;Nunito Sans||||||||&#8221; body_text_color=&#8221;#959baf&#8221; body_font_size=&#8221;15px&#8221; custom_margin=&#8221;|||&#8221; custom_padding=&#8221;24px|24px|24px|24px&#8221; border_radii=&#8221;on|4px|4px|4px|4px&#8221; border_width_all=&#8221;0px&#8221; border_color_all=&#8221;#d9d9d9&#8243; border_style_all=&#8221;solid&#8221; box_shadow_style=&#8221;preset3&#8243; box_shadow_color=&#8221;rgba(34,56,101,0.12)&#8221; use_border_color=&#8221;on&#8221; border_width=&#8221;0px&#8221; global_colors_info=&#8221;{}&#8221;]O enfermeiro tem como principal objetivo prestar atendimento e cuidados espec\u00edficos a todas as pessoas. Dentro de um lar de idoos, isso n\u00e3o \u00e9 diferente. Nessas institui\u00e7\u00f5es o enfermeiro \u00e9 respons\u00e1vel desde o planeamento e organiza\u00e7\u00e3o das tarefas de enfermagem, at\u00e9 a coordena\u00e7\u00e3o e execu\u00e7\u00e3o dos servi\u00e7os em si.[\/et_pb_toggle][et_pb_toggle title=&#8221;EQUIPA DE ASSISTENTES&#8221; closed_toggle_background_color=&#8221;#ffffff&#8221; icon_color=&#8221;rgba(83,91,124,0.4)&#8221; open_icon_color=&#8221;rgba(83,91,124,0.4)&#8221; admin_label=&#8221;EQUIPA DE ASSISTENTES&#8221; _builder_version=&#8221;4.21.0&#8243; title_text_color=&#8221;#535b7c&#8221; title_font=&#8221;Nunito Sans|600|||||||&#8221; title_line_height=&#8221;1.3em&#8221; body_font=&#8221;Nunito Sans||||||||&#8221; body_text_color=&#8221;#959baf&#8221; body_font_size=&#8221;15px&#8221; custom_margin=&#8221;|||&#8221; custom_padding=&#8221;24px|24px|24px|24px&#8221; border_radii=&#8221;on|4px|4px|4px|4px&#8221; border_width_all=&#8221;0px&#8221; border_color_all=&#8221;#d9d9d9&#8243; border_style_all=&#8221;solid&#8221; box_shadow_style=&#8221;preset3&#8243; box_shadow_color=&#8221;rgba(34,56,101,0.12)&#8221; use_border_color=&#8221;on&#8221; border_width=&#8221;0px&#8221; global_colors_info=&#8221;{}&#8221;]Procede ao acompanhamento diurno e\/ou noturno dos utentes, dentro e fora dos servi\u00e7os e estabelecimentos; colabora nas tarefas de alimenta\u00e7\u00e3o do utente; participa na ocupa\u00e7\u00e3o dos tempos livres; presta cuidados de higiene e conforto aos utentes; procede na limpeza e colabora na arruma\u00e7\u00e3o dos espa\u00e7os privados dos utentes (quartos de dormir e instala\u00e7\u00f5es), bem como dos espa\u00e7os exteriores, quando necess\u00e1rio; procede \u00e0 arruma\u00e7\u00e3o e distribui\u00e7\u00e3o das roupas lavadas e \u00e0 recolha de roupas sujas e sua entrega na lavandaria. Conduz a viatura da institui\u00e7\u00e3o.[\/et_pb_toggle][\/et_pb_column][\/et_pb_row][\/et_pb_section][et_pb_section fb_built=&#8221;1&#8243; fullwidth=&#8221;on&#8221; admin_label=&#8221;Testimonials&#8221; _builder_version=&#8221;4.21.0&#8243; use_background_color_gradient=&#8221;on&#8221; background_color_gradient_direction=&#8221;90deg&#8221; background_color_gradient_stops=&#8221;rgba(0,0,0,0.75) 0%|rgba(0,0,0,0) 100%&#8221; background_color_gradient_overlays_image=&#8221;on&#8221; background_color_gradient_start=&#8221;rgba(0,0,0,0.75)&#8221; background_color_gradient_end=&#8221;rgba(0,0,0,0)&#8221; background_image=&#8221;https:\/\/residenciasenior.egasmoniz.edu.pt\/wp-content\/uploads\/2023\/05\/residencia-senior-beira-mar.jpg&#8221; animation_style=&#8221;slide&#8221; animation_direction=&#8221;bottom&#8221; animation_intensity_slide=&#8221;4%&#8221; animation_starting_opacity=&#8221;100%&#8221; global_colors_info=&#8221;{}&#8221;][et_pb_fullwidth_slider _builder_version=&#8221;4.21.0&#8243; header_level=&#8221;h4&#8243; header_font=&#8221;Lato|700|||||||&#8221; header_font_size=&#8221;42px&#8221; header_line_height=&#8221;1.5em&#8221; body_font=&#8221;||||||||&#8221; background_color=&#8221;rgba(0,0,0,0)&#8221; background_color_gradient_direction=&#8221;90deg&#8221; auto=&#8221;on&#8221; header_font_size_tablet=&#8221;&#8221; header_font_size_phone=&#8221;26px&#8221; header_font_size_last_edited=&#8221;on|phone&#8221; header_text_shadow_style=&#8221;preset2&#8243; header_text_shadow_horizontal_length=&#8221;0em&#8221; header_text_shadow_vertical_length=&#8221;0em&#8221; header_text_shadow_blur_strength=&#8221;0em&#8221; header_text_shadow_color=&#8221;rgba(0,0,0,0)&#8221; box_shadow_style=&#8221;preset6&#8243; box_shadow_blur=&#8221;10px&#8221; box_shadow_color=&#8221;rgba(0,0,0,0.1)&#8221; global_colors_info=&#8221;{}&#8221; button_text_size__hover_enabled=&#8221;off&#8221; button_one_text_size__hover_enabled=&#8221;off&#8221; button_two_text_size__hover_enabled=&#8221;off&#8221; button_text_color__hover_enabled=&#8221;off&#8221; button_one_text_color__hover_enabled=&#8221;off&#8221; button_two_text_color__hover_enabled=&#8221;off&#8221; button_border_width__hover_enabled=&#8221;off&#8221; button_one_border_width__hover_enabled=&#8221;off&#8221; button_two_border_width__hover_enabled=&#8221;off&#8221; button_border_color__hover_enabled=&#8221;off&#8221; button_one_border_color__hover_enabled=&#8221;off&#8221; button_two_border_color__hover_enabled=&#8221;off&#8221; button_border_radius__hover_enabled=&#8221;off&#8221; button_one_border_radius__hover_enabled=&#8221;off&#8221; button_two_border_radius__hover_enabled=&#8221;off&#8221; button_letter_spacing__hover_enabled=&#8221;off&#8221; button_one_letter_spacing__hover_enabled=&#8221;off&#8221; button_two_letter_spacing__hover_enabled=&#8221;off&#8221; button_bg_color__hover_enabled=&#8221;off&#8221; button_one_bg_color__hover_enabled=&#8221;off&#8221; button_two_bg_color__hover_enabled=&#8221;off&#8221;][et_pb_slide heading=&#8221;Tudo muito bom, de uma ponta \u00e0 outra! Das meninas, do tratamento, do alojamento, da piscina, da comida&#8230;&#8221; _builder_version=&#8221;4.21.0&#8243; header_font=&#8221;||||||||&#8221; body_font=&#8221;Lato|900|||||||&#8221; body_line_height=&#8221;1.9em&#8221; text_orientation=&#8221;left&#8221; global_colors_info=&#8221;{}&#8221; button_text_size__hover_enabled=&#8221;off&#8221; button_one_text_size__hover_enabled=&#8221;off&#8221; button_two_text_size__hover_enabled=&#8221;off&#8221; button_text_color__hover_enabled=&#8221;off&#8221; button_one_text_color__hover_enabled=&#8221;off&#8221; button_two_text_color__hover_enabled=&#8221;off&#8221; button_border_width__hover_enabled=&#8221;off&#8221; button_one_border_width__hover_enabled=&#8221;off&#8221; button_two_border_width__hover_enabled=&#8221;off&#8221; button_border_color__hover_enabled=&#8221;off&#8221; button_one_border_color__hover_enabled=&#8221;off&#8221; button_two_border_color__hover_enabled=&#8221;off&#8221; button_border_radius__hover_enabled=&#8221;off&#8221; button_one_border_radius__hover_enabled=&#8221;off&#8221; button_two_border_radius__hover_enabled=&#8221;off&#8221; button_letter_spacing__hover_enabled=&#8221;off&#8221; button_one_letter_spacing__hover_enabled=&#8221;off&#8221; button_two_letter_spacing__hover_enabled=&#8221;off&#8221; button_bg_color__hover_enabled=&#8221;off&#8221; button_one_bg_color__hover_enabled=&#8221;off&#8221; button_two_bg_color__hover_enabled=&#8221;off&#8221; sticky_transition=&#8221;on&#8221;]&nbsp;<\/p>\n<p>&#8211; Lurdes Quaresma, residente[\/et_pb_slide][et_pb_slide heading=&#8221;Sa\u00fado tamb\u00e9m a Directora e todos os funcion\u00e1rios com uma \u00fanica palavra: obrigada!&#8221; _builder_version=&#8221;4.21.0&#8243; header_font=&#8221;||||||||&#8221; body_font=&#8221;Lato|900|||||||&#8221; body_line_height=&#8221;1.9em&#8221; text_orientation=&#8221;left&#8221; global_colors_info=&#8221;{}&#8221; button_text_size__hover_enabled=&#8221;off&#8221; button_one_text_size__hover_enabled=&#8221;off&#8221; button_two_text_size__hover_enabled=&#8221;off&#8221; button_text_color__hover_enabled=&#8221;off&#8221; button_one_text_color__hover_enabled=&#8221;off&#8221; button_two_text_color__hover_enabled=&#8221;off&#8221; button_border_width__hover_enabled=&#8221;off&#8221; button_one_border_width__hover_enabled=&#8221;off&#8221; button_two_border_width__hover_enabled=&#8221;off&#8221; button_border_color__hover_enabled=&#8221;off&#8221; button_one_border_color__hover_enabled=&#8221;off&#8221; button_two_border_color__hover_enabled=&#8221;off&#8221; button_border_radius__hover_enabled=&#8221;off&#8221; button_one_border_radius__hover_enabled=&#8221;off&#8221; button_two_border_radius__hover_enabled=&#8221;off&#8221; button_letter_spacing__hover_enabled=&#8221;off&#8221; button_one_letter_spacing__hover_enabled=&#8221;off&#8221; button_two_letter_spacing__hover_enabled=&#8221;off&#8221; button_bg_color__hover_enabled=&#8221;off&#8221; button_one_bg_color__hover_enabled=&#8221;off&#8221; button_two_bg_color__hover_enabled=&#8221;off&#8221; sticky_transition=&#8221;on&#8221;]<\/p>\n<p>\u00a0<\/p>\n<p>&#8211; Adelina Cruz, residente<\/p>\n<p>[\/et_pb_slide][et_pb_slide heading=&#8221;A Resid\u00eancia S\u00e9nior Egas Moniz \u00e9, de facto, excepcional!&#8221; _builder_version=&#8221;4.21.0&#8243; header_font=&#8221;||||||||&#8221; body_font=&#8221;Lato|900|||||||&#8221; body_line_height=&#8221;1.9em&#8221; text_orientation=&#8221;left&#8221; global_colors_info=&#8221;{}&#8221; button_text_size__hover_enabled=&#8221;off&#8221; button_one_text_size__hover_enabled=&#8221;off&#8221; button_two_text_size__hover_enabled=&#8221;off&#8221; button_text_color__hover_enabled=&#8221;off&#8221; button_one_text_color__hover_enabled=&#8221;off&#8221; button_two_text_color__hover_enabled=&#8221;off&#8221; button_border_width__hover_enabled=&#8221;off&#8221; button_one_border_width__hover_enabled=&#8221;off&#8221; button_two_border_width__hover_enabled=&#8221;off&#8221; button_border_color__hover_enabled=&#8221;off&#8221; button_one_border_color__hover_enabled=&#8221;off&#8221; button_two_border_color__hover_enabled=&#8221;off&#8221; button_border_radius__hover_enabled=&#8221;off&#8221; button_one_border_radius__hover_enabled=&#8221;off&#8221; button_two_border_radius__hover_enabled=&#8221;off&#8221; button_letter_spacing__hover_enabled=&#8221;off&#8221; button_one_letter_spacing__hover_enabled=&#8221;off&#8221; button_two_letter_spacing__hover_enabled=&#8221;off&#8221; button_bg_color__hover_enabled=&#8221;off&#8221; button_one_bg_color__hover_enabled=&#8221;off&#8221; button_two_bg_color__hover_enabled=&#8221;off&#8221; sticky_transition=&#8221;on&#8221;]<\/p>\n<p>\u00a0<\/p>\n<p>&#8211; Fernanda Martins, residente<\/p>\n<p>[\/et_pb_slide][et_pb_slide heading=&#8221;Estou satisfeita de c\u00e1 estar, tratam-me bem, \u00e9 a minha casa! Estou de livre vontade h\u00e1 dois anos.&#8221; _builder_version=&#8221;4.21.0&#8243; header_font=&#8221;||||||||&#8221; body_font=&#8221;Lato|900|||||||&#8221; body_line_height=&#8221;1.9em&#8221; text_orientation=&#8221;left&#8221; global_colors_info=&#8221;{}&#8221; button_text_size__hover_enabled=&#8221;off&#8221; button_one_text_size__hover_enabled=&#8221;off&#8221; button_two_text_size__hover_enabled=&#8221;off&#8221; button_text_color__hover_enabled=&#8221;off&#8221; button_one_text_color__hover_enabled=&#8221;off&#8221; button_two_text_color__hover_enabled=&#8221;off&#8221; button_border_width__hover_enabled=&#8221;off&#8221; button_one_border_width__hover_enabled=&#8221;off&#8221; button_two_border_width__hover_enabled=&#8221;off&#8221; button_border_color__hover_enabled=&#8221;off&#8221; button_one_border_color__hover_enabled=&#8221;off&#8221; button_two_border_color__hover_enabled=&#8221;off&#8221; button_border_radius__hover_enabled=&#8221;off&#8221; button_one_border_radius__hover_enabled=&#8221;off&#8221; button_two_border_radius__hover_enabled=&#8221;off&#8221; button_letter_spacing__hover_enabled=&#8221;off&#8221; button_one_letter_spacing__hover_enabled=&#8221;off&#8221; button_two_letter_spacing__hover_enabled=&#8221;off&#8221; button_bg_color__hover_enabled=&#8221;off&#8221; button_one_bg_color__hover_enabled=&#8221;off&#8221; button_two_bg_color__hover_enabled=&#8221;off&#8221; sticky_transition=&#8221;on&#8221;]<\/p>\n<p>&nbsp;<\/p>\n<p>&#8211; Fernanda Martins, residente<\/p>\n<p>[\/et_pb_slide][et_pb_slide heading=&#8221;Esta \u00e9, desde h\u00e1 quatro anos, a minha casa. Sou muito bem tratada e gosto de tudo.&#8221; _builder_version=&#8221;4.21.0&#8243; header_font=&#8221;||||||||&#8221; body_font=&#8221;Lato|900|||||||&#8221; body_line_height=&#8221;1.9em&#8221; text_orientation=&#8221;left&#8221; global_colors_info=&#8221;{}&#8221; button_text_size__hover_enabled=&#8221;off&#8221; button_one_text_size__hover_enabled=&#8221;off&#8221; button_two_text_size__hover_enabled=&#8221;off&#8221; button_text_color__hover_enabled=&#8221;off&#8221; button_one_text_color__hover_enabled=&#8221;off&#8221; button_two_text_color__hover_enabled=&#8221;off&#8221; button_border_width__hover_enabled=&#8221;off&#8221; button_one_border_width__hover_enabled=&#8221;off&#8221; button_two_border_width__hover_enabled=&#8221;off&#8221; button_border_color__hover_enabled=&#8221;off&#8221; button_one_border_color__hover_enabled=&#8221;off&#8221; button_two_border_color__hover_enabled=&#8221;off&#8221; button_border_radius__hover_enabled=&#8221;off&#8221; button_one_border_radius__hover_enabled=&#8221;off&#8221; button_two_border_radius__hover_enabled=&#8221;off&#8221; button_letter_spacing__hover_enabled=&#8221;off&#8221; button_one_letter_spacing__hover_enabled=&#8221;off&#8221; button_two_letter_spacing__hover_enabled=&#8221;off&#8221; button_bg_color__hover_enabled=&#8221;off&#8221; button_one_bg_color__hover_enabled=&#8221;off&#8221; button_two_bg_color__hover_enabled=&#8221;off&#8221; sticky_transition=&#8221;on&#8221;]&nbsp;<\/p>\n<p>&#8211; Fernanda Martins, residente[\/et_pb_slide][et_pb_slide heading=&#8221;Estamos bem e estamos para ficar!  A Resid\u00eancia apresenta condi\u00e7\u00f5es \u00f3ptimas de habitabilidade \u2013 d\u00e3o muita aten\u00e7\u00e3o \u00e0 higiene e arruma\u00e7\u00e3o dos espa\u00e7os.&#8221; _builder_version=&#8221;4.21.0&#8243; header_font=&#8221;||||||||&#8221; body_font=&#8221;Lato|900|||||||&#8221; body_line_height=&#8221;1.9em&#8221; text_orientation=&#8221;left&#8221; global_colors_info=&#8221;{}&#8221; button_text_size__hover_enabled=&#8221;off&#8221; button_one_text_size__hover_enabled=&#8221;off&#8221; button_two_text_size__hover_enabled=&#8221;off&#8221; button_text_color__hover_enabled=&#8221;off&#8221; button_one_text_color__hover_enabled=&#8221;off&#8221; button_two_text_color__hover_enabled=&#8221;off&#8221; button_border_width__hover_enabled=&#8221;off&#8221; button_one_border_width__hover_enabled=&#8221;off&#8221; button_two_border_width__hover_enabled=&#8221;off&#8221; button_border_color__hover_enabled=&#8221;off&#8221; button_one_border_color__hover_enabled=&#8221;off&#8221; button_two_border_color__hover_enabled=&#8221;off&#8221; button_border_radius__hover_enabled=&#8221;off&#8221; button_one_border_radius__hover_enabled=&#8221;off&#8221; button_two_border_radius__hover_enabled=&#8221;off&#8221; button_letter_spacing__hover_enabled=&#8221;off&#8221; button_one_letter_spacing__hover_enabled=&#8221;off&#8221; button_two_letter_spacing__hover_enabled=&#8221;off&#8221; button_bg_color__hover_enabled=&#8221;off&#8221; button_one_bg_color__hover_enabled=&#8221;off&#8221; button_two_bg_color__hover_enabled=&#8221;off&#8221; sticky_transition=&#8221;on&#8221;]&nbsp;<\/p>\n<p>&#8211; Fernanda Martins, residente[\/et_pb_slide][et_pb_slide heading=&#8221;S\u00e3o, realmente, 5 estrelas. Aqui n\u00e3o falta nada, nem falta, sequer, o carinho.&#8221; _builder_version=&#8221;4.21.0&#8243; header_font=&#8221;||||||||&#8221; body_font=&#8221;Lato|900|||||||&#8221; body_line_height=&#8221;1.9em&#8221; text_orientation=&#8221;left&#8221; global_colors_info=&#8221;{}&#8221; button_text_size__hover_enabled=&#8221;off&#8221; button_one_text_size__hover_enabled=&#8221;off&#8221; button_two_text_size__hover_enabled=&#8221;off&#8221; button_text_color__hover_enabled=&#8221;off&#8221; button_one_text_color__hover_enabled=&#8221;off&#8221; button_two_text_color__hover_enabled=&#8221;off&#8221; button_border_width__hover_enabled=&#8221;off&#8221; button_one_border_width__hover_enabled=&#8221;off&#8221; button_two_border_width__hover_enabled=&#8221;off&#8221; button_border_color__hover_enabled=&#8221;off&#8221; button_one_border_color__hover_enabled=&#8221;off&#8221; button_two_border_color__hover_enabled=&#8221;off&#8221; button_border_radius__hover_enabled=&#8221;off&#8221; button_one_border_radius__hover_enabled=&#8221;off&#8221; button_two_border_radius__hover_enabled=&#8221;off&#8221; button_letter_spacing__hover_enabled=&#8221;off&#8221; button_one_letter_spacing__hover_enabled=&#8221;off&#8221; button_two_letter_spacing__hover_enabled=&#8221;off&#8221; button_bg_color__hover_enabled=&#8221;off&#8221; button_one_bg_color__hover_enabled=&#8221;off&#8221; button_two_bg_color__hover_enabled=&#8221;off&#8221; sticky_transition=&#8221;on&#8221;]&nbsp;<br \/>\n&#8211; Fernanda Martins, residente[\/et_pb_slide][\/et_pb_fullwidth_slider][\/et_pb_section][et_pb_section fb_built=&#8221;1&#8243; admin_label=&#8221;Newsletter Section&#8221; module_id=&#8221;Newsletter-Section&#8221; _builder_version=&#8221;4.21.0&#8243; background_color=&#8221;#f7f7f7&#8243; background_image=&#8221;https:\/\/residenciasenior.egasmoniz.edu.pt\/wp-content\/uploads\/2023\/05\/background-texture.png&#8221; parallax=&#8221;on&#8221; custom_padding=&#8221;54px||140px|&#8221; global_colors_info=&#8221;{}&#8221;][et_pb_row admin_label=&#8221;Newsletter Area&#8221; _builder_version=&#8221;4.16&#8243; locked=&#8221;off&#8221; global_colors_info=&#8221;{}&#8221;][et_pb_column type=&#8221;4_4&#8243; _builder_version=&#8221;4.16&#8243; custom_padding=&#8221;|||&#8221; global_colors_info=&#8221;{}&#8221; custom_padding__hover=&#8221;|||&#8221;][et_pb_text _builder_version=&#8221;4.27.4&#8243; _module_preset=&#8221;default&#8221; global_colors_info=&#8221;{}&#8221;]<\/p>\n<h4>Newsletter<\/h4>\n<p>Subscreva a Newsletter da Resid\u00eancia S\u00e9nior Egas Moniz e receba as \u00faltimas novidades.<\/p>\n<p>[\/et_pb_text][et_pb_contact_form email=&#8221;residenciasenior@egasmoniz.edu.pt&#8221; custom_message=&#8221;Subscri\u00e7\u00e3o da Newsletter&#8221; success_message=&#8221;A sua mensagem foi enviada com sucesso.&#8221; submit_button_text=&#8221;Enviar&#8221; _builder_version=&#8221;4.27.4&#8243; _module_preset=&#8221;default&#8221; _unique_id=&#8221;3b411607-7951-4d3d-a32d-2e047b6e8901&#8243; global_colors_info=&#8221;{}&#8221;][et_pb_contact_field field_id=&#8221;Email&#8221; field_title=&#8221;Email Address&#8221; field_type=&#8221;email&#8221; _builder_version=&#8221;4.16&#8243; global_colors_info=&#8221;{}&#8221; button_text_size__hover_enabled=&#8221;off&#8221; button_one_text_size__hover_enabled=&#8221;off&#8221; button_two_text_size__hover_enabled=&#8221;off&#8221; button_text_color__hover_enabled=&#8221;off&#8221; button_one_text_color__hover_enabled=&#8221;off&#8221; button_two_text_color__hover_enabled=&#8221;off&#8221; button_border_width__hover_enabled=&#8221;off&#8221; button_one_border_width__hover_enabled=&#8221;off&#8221; button_two_border_width__hover_enabled=&#8221;off&#8221; button_border_color__hover_enabled=&#8221;off&#8221; button_one_border_color__hover_enabled=&#8221;off&#8221; button_two_border_color__hover_enabled=&#8221;off&#8221; button_border_radius__hover_enabled=&#8221;off&#8221; button_one_border_radius__hover_enabled=&#8221;off&#8221; button_two_border_radius__hover_enabled=&#8221;off&#8221; button_letter_spacing__hover_enabled=&#8221;off&#8221; button_one_letter_spacing__hover_enabled=&#8221;off&#8221; button_two_letter_spacing__hover_enabled=&#8221;off&#8221; button_bg_color__hover_enabled=&#8221;off&#8221; button_one_bg_color__hover_enabled=&#8221;off&#8221; button_two_bg_color__hover_enabled=&#8221;off&#8221;][\/et_pb_contact_field][\/et_pb_contact_form][\/et_pb_column][\/et_pb_row][\/et_pb_section][et_pb_section fb_built=&#8221;1&#8243; admin_label=&#8221;Sponsors Section&#8221; _builder_version=&#8221;4.16&#8243; custom_padding=&#8221;90px||90px|&#8221; global_colors_info=&#8221;{}&#8221;][et_pb_row admin_label=&#8221;Blog Title Area&#8221; _builder_version=&#8221;4.16&#8243; locked=&#8221;off&#8221; global_colors_info=&#8221;{}&#8221;][et_pb_column type=&#8221;4_4&#8243; _builder_version=&#8221;4.16&#8243; custom_padding=&#8221;|||&#8221; global_colors_info=&#8221;{}&#8221; custom_padding__hover=&#8221;|||&#8221;][et_pb_text admin_label=&#8221;Title&#8221; _builder_version=&#8221;4.21.0&#8243; text_font=&#8221;||||||||&#8221; header_font=&#8221;||||||||&#8221; header_2_font=&#8221;Lato||||||||&#8221; header_2_font_size=&#8221;36px&#8221; header_2_line_height=&#8221;1.5em&#8221; text_orientation=&#8221;center&#8221; max_width=&#8221;700px&#8221; module_alignment=&#8221;center&#8221; custom_padding=&#8221;|||&#8221; animation_direction=&#8221;left&#8221; global_colors_info=&#8221;{}&#8221;]<\/p>\n<h2>Parcerias<\/h2>\n<p>[\/et_pb_text][\/et_pb_column][\/et_pb_row][et_pb_row column_structure=&#8221;1_6,1_6,1_6,1_6,1_6,1_6&#8243; admin_label=&#8221;Sponsors&#8221; _builder_version=&#8221;4.21.0&#8243; width=&#8221;100%&#8221; global_colors_info=&#8221;{}&#8221;][et_pb_column type=&#8221;1_6&#8243; _builder_version=&#8221;4.21.0&#8243; custom_padding=&#8221;|||&#8221; global_colors_info=&#8221;{}&#8221; custom_padding__hover=&#8221;|||&#8221;][et_pb_image src=&#8221;https:\/\/residenciasenior.egasmoniz.edu.pt\/wp-content\/uploads\/2024\/09\/universidade-de-evora.jpg&#8221; alt=&#8221;universidade de evora&#8221; title_text=&#8221;universidade de evora&#8221; url=&#8221;https:\/\/www.uevora.pt\/&#8221; url_new_window=&#8221;on&#8221; src_tablet=&#8221;https:\/\/residenciasenior.egasmoniz.edu.pt\/wp-content\/uploads\/2024\/09\/universidade-de-evora.jpg&#8221; src_phone=&#8221;https:\/\/residenciasenior.egasmoniz.edu.pt\/wp-content\/uploads\/2024\/09\/universidade-de-evora.jpg&#8221; src_last_edited=&#8221;on|phone&#8221; _builder_version=&#8221;4.21.0&#8243; _module_preset=&#8221;default&#8221; global_colors_info=&#8221;{}&#8221;][\/et_pb_image][\/et_pb_column][et_pb_column type=&#8221;1_6&#8243; _builder_version=&#8221;4.16&#8243; custom_padding=&#8221;|||&#8221; global_colors_info=&#8221;{}&#8221; custom_padding__hover=&#8221;|||&#8221;][et_pb_image src=&#8221;https:\/\/residenciasenior.egasmoniz.edu.pt\/wp-content\/uploads\/2024\/09\/cercizimbra.jpg&#8221; alt=&#8221;cercizimbra&#8221; title_text=&#8221;cercizimbra&#8221; url=&#8221;https:\/\/cercizimbra.org.pt\/&#8221; url_new_window=&#8221;on&#8221; _builder_version=&#8221;4.21.0&#8243; _module_preset=&#8221;default&#8221; global_colors_info=&#8221;{}&#8221;][\/et_pb_image][\/et_pb_column][et_pb_column type=&#8221;1_6&#8243; _builder_version=&#8221;4.16&#8243; custom_padding=&#8221;|||&#8221; global_colors_info=&#8221;{}&#8221; custom_padding__hover=&#8221;|||&#8221;][et_pb_image src=&#8221;https:\/\/residenciasenior.egasmoniz.edu.pt\/wp-content\/uploads\/2024\/09\/associacao-amigos-da-grande-idade.jpg&#8221; alt=&#8221;associacao amigos da grande idade&#8221; title_text=&#8221;associacao amigos da grande idade&#8221; url=&#8221;https:\/\/www.associacaoamigosdagrandeidade.com\/&#8221; url_new_window=&#8221;on&#8221; align_tablet=&#8221;center&#8221; align_phone=&#8221;center&#8221; align_last_edited=&#8221;on|desktop&#8221; admin_label=&#8221;Sponsor Logo&#8221; _builder_version=&#8221;4.21.0&#8243; global_colors_info=&#8221;{}&#8221;][\/et_pb_image][\/et_pb_column][et_pb_column type=&#8221;1_6&#8243; _builder_version=&#8221;4.16&#8243; custom_padding=&#8221;|||&#8221; global_colors_info=&#8221;{}&#8221; custom_padding__hover=&#8221;|||&#8221;][et_pb_image src=&#8221;https:\/\/residenciasenior.egasmoniz.edu.pt\/wp-content\/uploads\/2024\/09\/educa-a-brincar.jpg&#8221; alt=&#8221;educa a brincar&#8221; title_text=&#8221;educa a brincar&#8221; url=&#8221;https:\/\/educabrincar.com\/&#8221; url_new_window=&#8221;on&#8221; _builder_version=&#8221;4.21.0&#8243; _module_preset=&#8221;default&#8221; global_colors_info=&#8221;{}&#8221;][\/et_pb_image][\/et_pb_column][et_pb_column type=&#8221;1_6&#8243; _builder_version=&#8221;4.21.0&#8243; _module_preset=&#8221;default&#8221; global_colors_info=&#8221;{}&#8221;][et_pb_image src=&#8221;https:\/\/residenciasenior.egasmoniz.edu.pt\/wp-content\/uploads\/2024\/09\/raiz-oriental.jpg&#8221; alt=&#8221;raiz oriental&#8221; title_text=&#8221;raiz oriental&#8221; url=&#8221;https:\/\/www.facebook.com\/raizoriental8\/&#8221; url_new_window=&#8221;on&#8221; _builder_version=&#8221;4.21.0&#8243; _module_preset=&#8221;default&#8221; global_colors_info=&#8221;{}&#8221;][\/et_pb_image][\/et_pb_column][et_pb_column type=&#8221;1_6&#8243; _builder_version=&#8221;4.21.0&#8243; _module_preset=&#8221;default&#8221; global_colors_info=&#8221;{}&#8221;][et_pb_image src=&#8221;https:\/\/residenciasenior.egasmoniz.edu.pt\/wp-content\/uploads\/2024\/09\/envelhecer-com-direito.jpg&#8221; alt=&#8221;envelhecer com direito&#8221; title_text=&#8221;envelhecer com direito&#8221; url=&#8221;https:\/\/www.associacaoamigosdagrandeidade.pt\/envelhecer-com-direito\/&#8221; url_new_window=&#8221;on&#8221; _builder_version=&#8221;4.21.0&#8243; _module_preset=&#8221;default&#8221; global_colors_info=&#8221;{}&#8221;][\/et_pb_image][\/et_pb_column][\/et_pb_row][\/et_pb_section]<\/p>\n","protected":false},"excerpt":{"rendered":"<p>A Resid\u00eancia S\u00e9nior Egas Moniz \u00e9 uma das respostas mais adequadas em Portugal para um novo modelo de interven\u00e7\u00e3o na \u00e1rea do envelhecimento e da institucionaliza\u00e7\u00e3o.DestaquesSer mais saud\u00e1velSomos LivresVeja AquiQuer subscrever a nossa newsletter? Clique aqui.A Fisioterapia no Envelhecimento \u00e9 uma especializa\u00e7\u00e3o da Fisioterapia que se dedica exclusivamente \u00e0 faixa et\u00e1ria da pessoa idosa. Atrav\u00e9s [&hellip;]<\/p>\n","protected":false},"author":6,"featured_media":0,"parent":0,"menu_order":0,"comment_status":"closed","ping_status":"closed","template":"","meta":{"_et_pb_use_builder":"on","_et_pb_old_content":"","_et_gb_content_width":"","_coblocks_attr":"","_coblocks_dimensions":"","_coblocks_responsive_height":"","_coblocks_accordion_ie_support":"","footnotes":""},"class_list":["post-1338","page","type-page","status-publish","hentry"],"jetpack_sharing_enabled":true,"_links":{"self":[{"href":"https:\/\/residenciasenior.egasmoniz.edu.pt\/index.php\/wp-json\/wp\/v2\/pages\/1338","targetHints":{"allow":["GET"]}}],"collection":[{"href":"https:\/\/residenciasenior.egasmoniz.edu.pt\/index.php\/wp-json\/wp\/v2\/pages"}],"about":[{"href":"https:\/\/residenciasenior.egasmoniz.edu.pt\/index.php\/wp-json\/wp\/v2\/types\/page"}],"author":[{"embeddable":true,"href":"https:\/\/residenciasenior.egasmoniz.edu.pt\/index.php\/wp-json\/wp\/v2\/users\/6"}],"replies":[{"embeddable":true,"href":"https:\/\/residenciasenior.egasmoniz.edu.pt\/index.php\/wp-json\/wp\/v2\/comments?post=1338"}],"version-history":[{"count":4,"href":"https:\/\/residenciasenior.egasmoniz.edu.pt\/index.php\/wp-json\/wp\/v2\/pages\/1338\/revisions"}],"predecessor-version":[{"id":1347,"href":"https:\/\/residenciasenior.egasmoniz.edu.pt\/index.php\/wp-json\/wp\/v2\/pages\/1338\/revisions\/1347"}],"wp:attachment":[{"href":"https:\/\/residenciasenior.egasmoniz.edu.pt\/index.php\/wp-json\/wp\/v2\/media?parent=1338"}],"curies":[{"name":"wp","href":"https:\/\/api.w.org\/{rel}","templated":true}]}}